{"id":27882,"date":"2022-12-27T21:49:29","date_gmt":"2022-12-27T21:49:29","guid":{"rendered":"https:\/\/caficon.com\/?page_id=27882"},"modified":"2023-01-04T19:24:21","modified_gmt":"2023-01-04T19:24:21","slug":"estimulos-fiscales-2023","status":"publish","type":"page","link":"https:\/\/caficon.com\/index.php\/estimulos-fiscales-2023\/","title":{"rendered":"Reformas 2023 (Incluye Estimulos Fiscales 2023, RMF, Ley Federal del Trabajo y CFDI\u00b4S etc.)"},"content":{"rendered":"\t\t<div data-elementor-type=\"wp-page\" data-elementor-id=\"27882\" class=\"elementor elementor-27882\" data-elementor-post-type=\"page\">\n\t\t\t\t\t\t<section class=\"elementor-section elementor-top-section elementor-element elementor-element-5ed6338 elementor-section-boxed elementor-section-height-default elementor-section-height-default\" data-id=\"5ed6338\" data-element_type=\"section\">\n\t\t\t\t\t\t<div class=\"elementor-container elementor-column-gap-default\">\n\t\t\t\t\t<div class=\"elementor-column elementor-col-100 elementor-top-column elementor-element elementor-element-ec32860\" data-id=\"ec32860\" data-element_type=\"column\">\n\t\t\t<div class=\"elementor-widget-wrap\">\n\t\t\t\t\t\t\t<\/div>\n\t\t<\/div>\n\t\t\t\t\t<\/div>\n\t\t<\/section>\n\t\t\t\t<section class=\"elementor-section elementor-top-section elementor-element elementor-element-b08e49c elementor-section-full_width elementor-section-height-default elementor-section-height-default\" data-id=\"b08e49c\" data-element_type=\"section\">\n\t\t\t\t\t\t<div class=\"elementor-container elementor-column-gap-default\">\n\t\t\t\t\t<div class=\"elementor-column elementor-col-100 elementor-top-column elementor-element elementor-element-ecb17dc\" data-id=\"ecb17dc\" data-element_type=\"column\">\n\t\t\t<div class=\"elementor-widget-wrap elementor-element-populated\">\n\t\t\t\t\t\t<div class=\"elementor-element elementor-element-ee25a96 elementor-widget elementor-widget-heading\" data-id=\"ee25a96\" data-element_type=\"widget\" data-widget_type=\"heading.default\">\n\t\t\t\t<div class=\"elementor-widget-container\">\n\t\t\t\t\t<h2 class=\"elementor-heading-title elementor-size-default\">Que encontraras en el Temario<\/h2>\t\t\t\t<\/div>\n\t\t\t\t<\/div>\n\t\t\t\t\t<\/div>\n\t\t<\/div>\n\t\t\t\t\t<\/div>\n\t\t<\/section>\n\t\t\t\t<section class=\"elementor-section elementor-top-section elementor-element elementor-element-4e3751e elementor-section-full_width elementor-section-height-default elementor-section-height-default\" data-id=\"4e3751e\" data-element_type=\"section\">\n\t\t\t\t\t\t<div class=\"elementor-container elementor-column-gap-default\">\n\t\t\t\t\t<div class=\"elementor-column elementor-col-25 elementor-top-column elementor-element elementor-element-54cc2a9\" data-id=\"54cc2a9\" data-element_type=\"column\">\n\t\t\t<div class=\"elementor-widget-wrap elementor-element-populated\">\n\t\t\t\t\t\t\t<\/div>\n\t\t<\/div>\n\t\t\t\t<div class=\"elementor-column elementor-col-25 elementor-top-column elementor-element elementor-element-be3ed80\" data-id=\"be3ed80\" data-element_type=\"column\">\n\t\t\t<div class=\"elementor-widget-wrap elementor-element-populated\">\n\t\t\t\t\t\t<div class=\"elementor-element elementor-element-3857d8d elementor-widget elementor-widget-text-editor\" data-id=\"3857d8d\" data-element_type=\"widget\" data-widget_type=\"text-editor.default\">\n\t\t\t\t<div class=\"elementor-widget-container\">\n\t\t\t\t\t\t\t\t\t<p><span style=\"color: #ff6600;\"><strong>Dirigido<\/strong><\/span><\/p><p>Contadores, contralores, gerentes, administrativos, asistentes contables, auditores de despachos independientes, fiscalistas, encargados del \u00e1rea de impuestos, abogados, administradores, empresarios, accionistas, asesores fiscales y toda aquella persona involucrada y\/o interesada en el cumplimiento de las obligaciones fiscales de los contribuyentes y en conocer el panorama fiscal para 2023.<\/p><p><span style=\"color: #ff6600;\"><strong>Objetivo<\/strong><\/span><\/p><p>\u00a0<\/p>\t\t\t\t\t\t\t\t<\/div>\n\t\t\t\t<\/div>\n\t\t\t\t\t<\/div>\n\t\t<\/div>\n\t\t\t\t<div class=\"elementor-column elementor-col-25 elementor-top-column elementor-element elementor-element-1900073\" data-id=\"1900073\" data-element_type=\"column\">\n\t\t\t<div class=\"elementor-widget-wrap elementor-element-populated\">\n\t\t\t\t\t\t<div class=\"elementor-element elementor-element-6935549 elementor-widget elementor-widget-text-editor\" data-id=\"6935549\" data-element_type=\"widget\" data-widget_type=\"text-editor.default\">\n\t\t\t\t<div class=\"elementor-widget-container\">\n\t\t\t\t\t\t\t\t\t<h5><span style=\"color: #ff6600;\">Temario:<\/span><\/h5><ul><li><strong>AN\u00c1LISIS DEL PAQUETE ECON\u00d3MICO 2023<\/strong><\/li><\/ul><ul><li>Criterios de Pol\u00edtica Econ\u00f3mica<\/li><li>PIB<\/li><li>Tipo de Cambio<\/li><li>Precio de la mezcla mexicana del petr\u00f3leo<\/li><li>Tasa de inter\u00e9s (Cetes 28 d\u00edas)<\/li><\/ul><p>\u00a0<\/p><ul><li><strong>LEY DE INGRESOS DE LA FEDERACI\u00d3N 2023<\/strong><\/li><\/ul><ul><li>An\u00e1lisis comparativo de los ingresos tributarios<\/li><li>An\u00e1lisis del endeudamiento externo y endeudamiento interno<\/li><li>Tasas de recargos<\/li><li>Condonaci\u00f3n de multas<\/li><li>Est\u00edmulos fiscales<\/li><li>Personas que realicen actividades empresariales<\/li><li>Transportistas que adquieran di\u00e9sel o biodiesel<\/li><li>Transportistas que utilicen Autopistas de cuota<\/li><li>Adquirentes de combustibles f\u00f3siles<\/li><li>Titulares de concesiones y asignaciones mineras<\/li><li>Eliminaci\u00f3n del est\u00edmulo por enajenaci\u00f3n de libros<\/li><li>Exenci\u00f3n el DTA<\/li><li>Tasa de retenci\u00f3n del ISR en intereses<\/li><li>\u00bfVigente sigue el est\u00edmulo fiscal para los RIF?<\/li><li>Beneficios para personas que perdieron su casa habitaci\u00f3n por los sismos del 7 y 19 de septiembre de 2017<\/li><li>Beneficios y obligaciones para donatarias<\/li><\/ul><p>\u00a0<\/p><ul><li><strong>REFORMAS A LA LEY FEDERAL DEL TRABAJO<\/strong><\/li><\/ul><ul><li>Objeto\u00a0de la iniciativa<\/li><li>Pendiente el reconocimiento al convenio 132 de la OIT<\/li><li>Art\u00edculo 76 y 78, d\u00edas de vacaciones por a\u00f1os trabajados<\/li><li>Cuadro comparativo<\/li><li>Vigencia y aplicaci\u00f3n (Art\u00edculos transitorios)<\/li><li>Repercusi\u00f3n para los patrones<\/li><li>Modificaci\u00f3n del contrato<\/li><li>En salario diario integrado para el pago de indemnizaciones<\/li><li>Beneficio a los trabajadores (An\u00e1lisis del art\u00edculo 17 y 18)<\/li><\/ul><p>\u00a0<\/p><ul><li><strong>IMPLICACIONES ENTORNO A LA LEY DEL IMPUESTO SOBRE LA RENTA<\/strong><\/li><\/ul><ul><li>Para el patr\u00f3n<\/li><li>Mayor pago, \u00bfmayor deducci\u00f3n?<\/li><li>Para el trabajador<\/li><li>Mayor pago, menor exenci\u00f3n<\/li><li>Incremento en recaudaci\u00f3n<\/li><\/ul><p>\u00a0<\/p><ul><li><strong>REPERCUSI\u00d3N EN MATERIA DE APORTACIONES DE SEGURIDAD SOCIAL<\/strong><\/li><\/ul><ul><li>Para el patr\u00f3n<\/li><li>Avisos modificatorios por incremento en el SDI<\/li><li>Mayor carga social (IMSS e INFONAVIT)<\/li><li>Cuidar en la rama de RCV que entra en vigor en enero 2023<\/li><li>Incremento de aportaciones RCV<\/li><li>Impacto en el IMPUESTO SOBRE N\u00d3MINAS<\/li><li>Para el patr\u00f3n<\/li><li>Pendiente la reforma de jornadas de trabajo<\/li><\/ul><p>\u00a0<\/p><ul><li><strong>TRANSITORIEDAD AL SEGURO DE RETIRO EN EDAD AVANZADA Y VEJEZ<\/strong><\/li><\/ul><ul><li>Efectos de seguridad social para los trabajadores<\/li><li>Efectos en el pago de la seguridad social para 2023 y ejercicios posteriores<\/li><li>Modificaciones a la Ley de Seguro de Ahorro para el Retiro<\/li><li>Modificaciones a la Ley del Seguro Social<\/li><\/ul><p>\u00a0<\/p><ul><li><strong>FISCALIZACI\u00d3N 2023. PERSPECTIVAS A CORTO Y MEDIANO PLAZO.<\/strong><\/li><\/ul><ul><li>Introducci\u00f3n<\/li><li>Programa de vigilancia profunda<\/li><li>Los tres ejes de la fiscalizaci\u00f3n y el fantasma de la fecha cierta<\/li><li>Facultades de gesti\u00f3n<\/li><li>Buz\u00f3n tributario: Hacia un gobierno digital y uso entre particulares<\/li><li>Beneficiario controlador y la condena a la inseguridad jur\u00eddica<\/li><li>Recomendaciones y sugerencias<\/li><\/ul><p>\u00a0<\/p><ul><li><strong>OBLIGACIONES FISCALES PARA 2023<\/strong><\/li><\/ul><ul><li>Ley del Impuesto sobre la Renta\u00a0(LISR)<\/li><li>Ley del Impuesto al Valor Agregado (LIVA)<\/li><li>C\u00f3digo Fiscal de la Federaci\u00f3n (CFF)<\/li><li>Resoluci\u00f3n Miscel\u00e1nea Fiscal (RMF)<\/li><\/ul><p>\u00a0<\/p><ul><li><strong>ESTIMULOS FISCALES 2023<\/strong><\/li><li><strong>RESOLUCION MISCELANEA FISCAL <\/strong><\/li><li><strong>DIVERSOS CAMBIOS Y SITUACIONES POR CONSIDERAR PARA EL 2023<\/strong><\/li><\/ul><ul><li>Documento Renuncia a la Recaudaci\u00f3n (Antes Gastos fiscales)<\/li><li>Decreto de Facilidades Administrativas 2023<\/li><li>\u00a0Debido cumplimiento identificar el beneficiario controlador<\/li><li>Cumplimiento de la emisi\u00f3n del complemento de la Carta Porte<\/li><li>Incremento en las Cuotas patronales del Seguro Social<\/li><li>\u00bfQu\u00e9 pasa con la cancelaci\u00f3n de comprobantes de a\u00f1os anteriores?<\/li><li>\u00bfPuedo cambiarme a RESICO persona f\u00edsica para 2023?<\/li><li>\u00bfPuedo continuar siendo RESICO?<\/li><li>Hasta cuando puedo seguir siendo RIF<\/li><li>Facilidades Administrativas vigentes<\/li><li>Obligados al Buz\u00f3n tributario<\/li><li>Formas de emisi\u00f3n de CFDI vigentes<\/li><li>Diversos usos de la firma electr\u00f3nica del SAT<\/li><\/ul>\t\t\t\t\t\t\t\t<\/div>\n\t\t\t\t<\/div>\n\t\t\t\t\t<\/div>\n\t\t<\/div>\n\t\t\t\t<div class=\"elementor-column elementor-col-25 elementor-top-column elementor-element elementor-element-b37ff58\" data-id=\"b37ff58\" data-element_type=\"column\">\n\t\t\t<div class=\"elementor-widget-wrap\">\n\t\t\t\t\t\t\t<\/div>\n\t\t<\/div>\n\t\t\t\t\t<\/div>\n\t\t<\/section>\n\t\t\t\t<section class=\"elementor-section elementor-top-section elementor-element elementor-element-79352e8 elementor-section-full_width elementor-section-height-default elementor-section-height-default\" data-id=\"79352e8\" data-element_type=\"section\">\n\t\t\t\t\t\t<div class=\"elementor-container elementor-column-gap-default\">\n\t\t\t\t\t<div class=\"elementor-column elementor-col-100 elementor-top-column elementor-element elementor-element-20d535a\" data-id=\"20d535a\" data-element_type=\"column\">\n\t\t\t<div class=\"elementor-widget-wrap elementor-element-populated\">\n\t\t\t\t\t\t<div class=\"elementor-element elementor-element-9f94438 elementor-widget elementor-widget-spacer\" data-id=\"9f94438\" data-element_type=\"widget\" data-widget_type=\"spacer.default\">\n\t\t\t\t<div class=\"elementor-widget-container\">\n\t\t\t\t\t\t\t<div class=\"elementor-spacer\">\n\t\t\t<div class=\"elementor-spacer-inner\"><\/div>\n\t\t<\/div>\n\t\t\t\t\t\t<\/div>\n\t\t\t\t<\/div>\n\t\t\t\t<div class=\"elementor-element elementor-element-f2c4ac9 elementor-widget elementor-widget-heading\" data-id=\"f2c4ac9\" data-element_type=\"widget\" data-widget_type=\"heading.default\">\n\t\t\t\t<div class=\"elementor-widget-container\">\n\t\t\t\t\t<h2 class=\"elementor-heading-title elementor-size-default\">\u00bfQuien Impartir\u00e1 este Curso?<\/h2>\t\t\t\t<\/div>\n\t\t\t\t<\/div>\n\t\t\t\t\t<\/div>\n\t\t<\/div>\n\t\t\t\t\t<\/div>\n\t\t<\/section>\n\t\t\t\t<section class=\"elementor-section elementor-top-section elementor-element elementor-element-8adc3f9 elementor-section-full_width elementor-section-height-default elementor-section-height-default\" data-id=\"8adc3f9\" data-element_type=\"section\">\n\t\t\t\t\t\t<div class=\"elementor-container elementor-column-gap-default\">\n\t\t\t\t\t<div class=\"elementor-column elementor-col-50 elementor-top-column elementor-element elementor-element-08ebc46\" data-id=\"08ebc46\" data-element_type=\"column\">\n\t\t\t<div class=\"elementor-widget-wrap elementor-element-populated\">\n\t\t\t\t\t\t<div class=\"elementor-element elementor-element-7b3fedf elementor-widget elementor-widget-image\" data-id=\"7b3fedf\" data-element_type=\"widget\" data-widget_type=\"image.default\">\n\t\t\t\t<div class=\"elementor-widget-container\">\n\t\t\t\t\t\t\t\t\t\t\t\t\t\t\t<img decoding=\"async\" src=\"https:\/\/caficon.com\/wp-content\/uploads\/elementor\/thumbs\/3-819x1024-3-plogrs784s99tx1vtncodqn6ltdwtd0o42z47gpci0.jpg\" title=\"3-819&#215;1024\" alt=\"3-819x1024\" loading=\"lazy\" \/>\t\t\t\t\t\t\t\t\t\t\t\t\t\t\t<\/div>\n\t\t\t\t<\/div>\n\t\t\t\t<div class=\"elementor-element elementor-element-c444196 elementor-widget elementor-widget-html\" data-id=\"c444196\" data-element_type=\"widget\" data-widget_type=\"html.default\">\n\t\t\t\t<div class=\"elementor-widget-container\">\n\t\t\t\t\t<h4 style=\"text-align: center;\"><span style=\"color: #ff6600;\">L.C. y L.I. Ruben Torres Benitez<\/span><\/h4>\t\t\t\t<\/div>\n\t\t\t\t<\/div>\n\t\t\t\t\t<\/div>\n\t\t<\/div>\n\t\t\t\t<div class=\"elementor-column elementor-col-50 elementor-top-column elementor-element elementor-element-9698b25\" data-id=\"9698b25\" data-element_type=\"column\">\n\t\t\t<div class=\"elementor-widget-wrap elementor-element-populated\">\n\t\t\t\t\t\t<div class=\"elementor-element elementor-element-8be619b elementor-widget elementor-widget-spacer\" data-id=\"8be619b\" data-element_type=\"widget\" data-widget_type=\"spacer.default\">\n\t\t\t\t<div class=\"elementor-widget-container\">\n\t\t\t\t\t\t\t<div class=\"elementor-spacer\">\n\t\t\t<div class=\"elementor-spacer-inner\"><\/div>\n\t\t<\/div>\n\t\t\t\t\t\t<\/div>\n\t\t\t\t<\/div>\n\t\t\t\t<div class=\"elementor-element elementor-element-f8f17bc elementor-widget elementor-widget-heading\" data-id=\"f8f17bc\" data-element_type=\"widget\" data-widget_type=\"heading.default\">\n\t\t\t\t<div class=\"elementor-widget-container\">\n\t\t\t\t\t<h2 class=\"elementor-heading-title elementor-size-default\">CV:<\/h2>\t\t\t\t<\/div>\n\t\t\t\t<\/div>\n\t\t\t\t<div class=\"elementor-element elementor-element-0f8482f elementor-hidden-desktop elementor-hidden-tablet elementor-hidden-mobile elementor-widget elementor-widget-text-editor\" data-id=\"0f8482f\" data-element_type=\"widget\" data-widget_type=\"text-editor.default\">\n\t\t\t\t<div class=\"elementor-widget-container\">\n\t\t\t\t\t\t\t\t\t<p><strong>\u00a0 <\/strong><strong>Coordinadora de RRHH con m\u00e1s de 10 a\u00f1os de experiencia principalmente en capacitaci\u00f3n y desarrollo organizacional. Mis principales objetivos radican en fomentar la capacidad de integraci\u00f3n y colaboraci\u00f3n entre los miembros de la organizaci\u00f3n, identificar y atender oportunamente las necesidades tanto de los colaboradores como de la instituci\u00f3n, adem\u00e1s de, evaluar el desempe\u00f1o y contribuir con su desarrollo en pro de la mejora continua.<\/strong><\/p><main class=\"site-main post-26992 page type-page status-publish hentry\" role=\"main\"><div class=\"page-content\"><div class=\"elementor elementor-26992\" data-elementor-type=\"wp-page\" data-elementor-id=\"26992\" data-elementor-settings=\"[]\"><div class=\"elementor-section-wrap\"><section class=\"elementor-section elementor-top-section elementor-element elementor-element-5d847be elementor-section-boxed elementor-section-height-default elementor-section-height-default\" data-id=\"5d847be\" data-element_type=\"section\"><div class=\"elementor-container elementor-column-gap-default\"><div class=\"elementor-column elementor-col-50 elementor-top-column elementor-element elementor-element-8fe9dc7\" data-id=\"8fe9dc7\" data-element_type=\"column\"><div class=\"elementor-widget-wrap elementor-element-populated\"><div class=\"elementor-element elementor-element-964ddf6 elementor-widget elementor-widget-text-editor\" data-id=\"964ddf6\" data-element_type=\"widget\" data-widget_type=\"text-editor.default\"><div class=\"elementor-widget-container\"><p><strong>EXPERIENCIA <\/strong><\/p><p><strong>INSTITUTO MEXICANO DE CONTADORES P\u00daBLICOS, A.C<\/strong><\/p><p><strong>\u00a0Coordinadora de Talento Humano (julio 2013-actual) <\/strong><\/p><p><strong>RECLUTAMIENTO Y SELECCI\u00d3N <\/strong><\/p><p><strong>Dise\u00f1o de las estrategias de reclutamiento y selecci\u00f3n a partir del perfil de puestos y objetivos institucionales. Entrevista por competencias y assessment center <\/strong><\/p><p><strong>DESARROLLO ORGANIZACIONAL <\/strong><\/p><p><strong>Elaboraci\u00f3n de perfil de puestos por competencias, valuaci\u00f3n del rendimiento laboral (diagn\u00f3stico, retroalimentaci\u00f3n, evaluaci\u00f3n, intervenci\u00f3n y seguimiento). Analizar, evaluar y establecer las pol\u00edticas, procesos y procedimientos propios del \u00e1rea de RRHH y coadyuvar en la implementaci\u00f3n de procesos y procedimientos de otras \u00e1reas, as\u00ed como, las funciones y objetivos de todos los puestos que integran la estructura administrativa de la instituci\u00f3n. Modelo de competencias alineado a la filosof\u00eda organizacional. <\/strong><\/p><p><strong>EVALUACI\u00d3N DE DESEMPE\u00d1O <\/strong><\/p><p><strong>An\u00e1lisis y evaluaci\u00f3n de desempe\u00f1o de acuerdo con lo establecido en el manual organizacional y plan estrat\u00e9gico. <\/strong><\/p><p><strong>GESTI\u00d3N DEL TALENTO <\/strong><\/p><p><strong>\u00a0<\/strong><\/p><p><strong>Retenci\u00f3n y desarrollo del \u00abtop talent\u00bb (plan de carrera) Convenios con Instituciones educativas para posicionar a la instituci\u00f3n como referente de desarrollo profesional en t\u00e9rminos de pr\u00e1cticas profesionales, servicio social y\/o estad\u00edas universitarias <\/strong><\/p><\/div><\/div><\/div><\/div><\/div><\/section><\/div><\/div><\/div><\/main>\t\t\t\t\t\t\t\t<\/div>\n\t\t\t\t<\/div>\n\t\t\t\t<div class=\"elementor-element elementor-element-3f0b379 elementor-widget elementor-widget-spacer\" data-id=\"3f0b379\" data-element_type=\"widget\" data-widget_type=\"spacer.default\">\n\t\t\t\t<div class=\"elementor-widget-container\">\n\t\t\t\t\t\t\t<div class=\"elementor-spacer\">\n\t\t\t<div class=\"elementor-spacer-inner\"><\/div>\n\t\t<\/div>\n\t\t\t\t\t\t<\/div>\n\t\t\t\t<\/div>\n\t\t\t\t\t<\/div>\n\t\t<\/div>\n\t\t\t\t\t<\/div>\n\t\t<\/section>\n\t\t\t\t<\/div>\n\t\t","protected":false},"excerpt":{"rendered":"<p>Que encontraras en el Temario Dirigido Contadores, contralores, gerentes, administrativos, asistentes contables, auditores de despachos independientes, fiscalistas, encargados del \u00e1rea de impuestos, abogados, administradores, empresarios, accionistas, asesores fiscales y toda aquella persona involucrada y\/o interesada en el cumplimiento de las obligaciones fiscales de los contribuyentes y en conocer el panorama fiscal para 2023. Objetivo \u00a0 [&hellip;]<\/p>\n","protected":false},"author":2721,"featured_media":0,"parent":0,"menu_order":0,"comment_status":"closed","ping_status":"closed","template":"","meta":{"footnotes":""},"class_list":["post-27882","page","type-page","status-publish","hentry"],"_links":{"self":[{"href":"https:\/\/caficon.com\/index.php\/wp-json\/wp\/v2\/pages\/27882","targetHints":{"allow":["GET"]}}],"collection":[{"href":"https:\/\/caficon.com\/index.php\/wp-json\/wp\/v2\/pages"}],"about":[{"href":"https:\/\/caficon.com\/index.php\/wp-json\/wp\/v2\/types\/page"}],"author":[{"embeddable":true,"href":"https:\/\/caficon.com\/index.php\/wp-json\/wp\/v2\/users\/2721"}],"replies":[{"embeddable":true,"href":"https:\/\/caficon.com\/index.php\/wp-json\/wp\/v2\/comments?post=27882"}],"version-history":[{"count":12,"href":"https:\/\/caficon.com\/index.php\/wp-json\/wp\/v2\/pages\/27882\/revisions"}],"predecessor-version":[{"id":28108,"href":"https:\/\/caficon.com\/index.php\/wp-json\/wp\/v2\/pages\/27882\/revisions\/28108"}],"wp:attachment":[{"href":"https:\/\/caficon.com\/index.php\/wp-json\/wp\/v2\/media?parent=27882"}],"curies":[{"name":"wp","href":"https:\/\/api.w.org\/{rel}","templated":true}]}}