{"id":22867,"date":"2022-04-11T20:58:27","date_gmt":"2022-04-11T20:58:27","guid":{"rendered":"https:\/\/caficon.com\/?page_id=22867"},"modified":"2022-04-11T21:02:29","modified_gmt":"2022-04-11T21:02:29","slug":"determinacion-de-la-ptu","status":"publish","type":"page","link":"https:\/\/caficon.com\/index.php\/determinacion-de-la-ptu\/","title":{"rendered":"Determinacion de la PTU"},"content":{"rendered":"\t\t<div data-elementor-type=\"wp-page\" data-elementor-id=\"22867\" class=\"elementor elementor-22867\" data-elementor-post-type=\"page\">\n\t\t\t\t\t\t<section class=\"elementor-section elementor-top-section elementor-element elementor-element-ee00211 elementor-section-boxed elementor-section-height-default elementor-section-height-default\" data-id=\"ee00211\" data-element_type=\"section\">\n\t\t\t\t\t\t<div class=\"elementor-container elementor-column-gap-default\">\n\t\t\t\t\t<div class=\"elementor-column elementor-col-100 elementor-top-column elementor-element elementor-element-45d21b4\" data-id=\"45d21b4\" data-element_type=\"column\">\n\t\t\t<div class=\"elementor-widget-wrap\">\n\t\t\t\t\t\t\t<\/div>\n\t\t<\/div>\n\t\t\t\t\t<\/div>\n\t\t<\/section>\n\t\t\t\t<section class=\"elementor-section elementor-top-section elementor-element elementor-element-9dabb77 elementor-section-full_width elementor-section-height-default elementor-section-height-default\" data-id=\"9dabb77\" data-element_type=\"section\">\n\t\t\t\t\t\t<div class=\"elementor-container elementor-column-gap-default\">\n\t\t\t\t\t<div class=\"elementor-column elementor-col-100 elementor-top-column elementor-element elementor-element-de0e364\" data-id=\"de0e364\" data-element_type=\"column\">\n\t\t\t<div class=\"elementor-widget-wrap elementor-element-populated\">\n\t\t\t\t\t\t<div class=\"elementor-element elementor-element-90e953a elementor-widget elementor-widget-heading\" data-id=\"90e953a\" data-element_type=\"widget\" data-widget_type=\"heading.default\">\n\t\t\t\t<div class=\"elementor-widget-container\">\n\t\t\t\t\t<h2 class=\"elementor-heading-title elementor-size-default\">Que encontraras en el Temario<\/h2>\t\t\t\t<\/div>\n\t\t\t\t<\/div>\n\t\t\t\t\t<\/div>\n\t\t<\/div>\n\t\t\t\t\t<\/div>\n\t\t<\/section>\n\t\t\t\t<section class=\"elementor-section elementor-top-section elementor-element elementor-element-304acda elementor-section-full_width elementor-section-height-default elementor-section-height-default\" data-id=\"304acda\" data-element_type=\"section\">\n\t\t\t\t\t\t<div class=\"elementor-container elementor-column-gap-default\">\n\t\t\t\t\t<div class=\"elementor-column elementor-col-25 elementor-top-column elementor-element elementor-element-32033ae\" data-id=\"32033ae\" data-element_type=\"column\">\n\t\t\t<div class=\"elementor-widget-wrap elementor-element-populated\">\n\t\t\t\t\t\t\t<\/div>\n\t\t<\/div>\n\t\t\t\t<div class=\"elementor-column elementor-col-25 elementor-top-column elementor-element elementor-element-84c0ca3\" data-id=\"84c0ca3\" data-element_type=\"column\">\n\t\t\t<div class=\"elementor-widget-wrap elementor-element-populated\">\n\t\t\t\t\t\t<div class=\"elementor-element elementor-element-c73a93d elementor-widget elementor-widget-text-editor\" data-id=\"c73a93d\" data-element_type=\"widget\" data-widget_type=\"text-editor.default\">\n\t\t\t\t<div class=\"elementor-widget-container\">\n\t\t\t\t\t\t\t\t\t<p><span style=\"color: #ff6600;\"><strong>Objetivo<\/strong><\/span><\/p><p>Analizar y comentar los aspectos integrales relacionados la PTU y la reforma laboral del a\u00f1o 2021 y su efecto y trascendencia en materia laboral, fiscal y de seguridad social.<\/p><p><span style=\"color: #ff6600;\"><strong>Dirigido<\/strong><\/span><\/p><p>Contadores, auxiliares contables, administradores, encargados de recursos humanos de empresas, empresarios y p\u00fablico en general interesado en el tema.<\/p>\t\t\t\t\t\t\t\t<\/div>\n\t\t\t\t<\/div>\n\t\t\t\t\t<\/div>\n\t\t<\/div>\n\t\t\t\t<div class=\"elementor-column elementor-col-25 elementor-top-column elementor-element elementor-element-97f711a\" data-id=\"97f711a\" data-element_type=\"column\">\n\t\t\t<div class=\"elementor-widget-wrap elementor-element-populated\">\n\t\t\t\t\t\t<div class=\"elementor-element elementor-element-746f124 elementor-widget elementor-widget-text-editor\" data-id=\"746f124\" data-element_type=\"widget\" data-widget_type=\"text-editor.default\">\n\t\t\t\t<div class=\"elementor-widget-container\">\n\t\t\t\t\t\t\t\t\t<h5><span style=\"color: #ff6600;\">Temario:<\/span><\/h5><ul><li><p>ANTECEDENTES CONSTITUCIONALES, LABORALES Y FISCALES DEL REPARTO DE UTILIDADES A LOS TRABAJADORES<br \/>Qu\u00e9 es empresa para efectos de PTU<br \/>Empresas obligadas y empresas exentas del pago<br \/>La interrelaci\u00f3n fiscal y laboral en la PTU<br \/>Las bases conforme a la disposici\u00f3n fiscal de LISR<br \/>Efecto de la Reforma laboral de 2019 en el reparto de las utilidades a los trabajadores<br \/>Efecto de la Reforma laboral de 2021 en el reparto de las utilidades a los trabajadores<\/p><p>PROCEDIMIENTO DE DETERMINACI\u00d3N DE PTU, CONFORME A LA LEY FEDERAL DEL TRABAJO Y EL REGLAMENTO DE LOS ART\u00cdCULOS 121 Y 122 DE LA LEY FEDERAL DEL TRABAJO<br \/>Determinaci\u00f3n de la renta gravable<br \/>Limitaci\u00f3n del reparto de utilidades derivado de la reforma laboral 2021<br \/>Procedimiento legal para el reparto<br \/>C\u00e1lculo del factor d\u00eda trabajado<br \/>C\u00e1lculo del factor salario devengado<br \/>Creaci\u00f3n de la Comisi\u00f3n para el reparto de utilidades en la empresa<\/p><p>EFECTO FISCAL DE LA PTU<br \/>Para la empresa<br \/>Tratamiento fiscal correcto de las cantidades pagadas<br \/>La fecha de pago y lo establecido en la gu\u00eda de llenado<br \/>CFDI de n\u00f3mina en el pago de la PTU (Trabajadores y ex colaboradores)<br \/>Personas f\u00edsicas obligadas al reparto de utilidades<br \/>Actividad empresarial y profesional y RIF<br \/>Arrendamiento<br \/>Para el trabajador<br \/>Determinaci\u00f3n del importe gravado y exento de PTU<br \/>C\u00e1lculo del ISR con procedimiento de la LISR<br \/>C\u00e1lculo del ISR con procedimiento de Reglamento de la LISR<br \/>C\u00e1lculo del ISR de la PTU de ex colaboradores<\/p><p>PTU Y SU EFECTO EN LA LEY DEL SEGURO SOCIAL Y LAS CONTRIBUCIONES LOCALES<br \/>El SBC y sus aspectos de integraci\u00f3n<br \/>Aspectos de revisi\u00f3n del IMSS<br \/>La preparaci\u00f3n de los papeles de trabajo para enfrentar una revisi\u00f3n<br \/>Comentarios al impuesto sobre n\u00f3minas<\/p><p>EJEMPLO PR\u00c1CTICO<\/p><p>COMENTARIOS FINALES Y CONCLUSIONES<\/p><\/li><\/ul>\t\t\t\t\t\t\t\t<\/div>\n\t\t\t\t<\/div>\n\t\t\t\t\t<\/div>\n\t\t<\/div>\n\t\t\t\t<div class=\"elementor-column elementor-col-25 elementor-top-column elementor-element elementor-element-2e308d9\" data-id=\"2e308d9\" data-element_type=\"column\">\n\t\t\t<div class=\"elementor-widget-wrap\">\n\t\t\t\t\t\t\t<\/div>\n\t\t<\/div>\n\t\t\t\t\t<\/div>\n\t\t<\/section>\n\t\t\t\t<section class=\"elementor-section elementor-top-section elementor-element elementor-element-986a370 elementor-section-full_width elementor-section-height-default elementor-section-height-default\" data-id=\"986a370\" data-element_type=\"section\">\n\t\t\t\t\t\t<div class=\"elementor-container elementor-column-gap-default\">\n\t\t\t\t\t<div class=\"elementor-column elementor-col-100 elementor-top-column elementor-element elementor-element-424f779\" data-id=\"424f779\" data-element_type=\"column\">\n\t\t\t<div class=\"elementor-widget-wrap elementor-element-populated\">\n\t\t\t\t\t\t<div class=\"elementor-element elementor-element-6575f37 elementor-widget elementor-widget-spacer\" data-id=\"6575f37\" data-element_type=\"widget\" data-widget_type=\"spacer.default\">\n\t\t\t\t<div class=\"elementor-widget-container\">\n\t\t\t\t\t\t\t<div class=\"elementor-spacer\">\n\t\t\t<div class=\"elementor-spacer-inner\"><\/div>\n\t\t<\/div>\n\t\t\t\t\t\t<\/div>\n\t\t\t\t<\/div>\n\t\t\t\t<div class=\"elementor-element elementor-element-39f09d9 elementor-widget elementor-widget-heading\" data-id=\"39f09d9\" data-element_type=\"widget\" data-widget_type=\"heading.default\">\n\t\t\t\t<div class=\"elementor-widget-container\">\n\t\t\t\t\t<h2 class=\"elementor-heading-title elementor-size-default\">\u00bfQuien Impartir\u00e1 este Curso?<\/h2>\t\t\t\t<\/div>\n\t\t\t\t<\/div>\n\t\t\t\t\t<\/div>\n\t\t<\/div>\n\t\t\t\t\t<\/div>\n\t\t<\/section>\n\t\t\t\t<section class=\"elementor-section elementor-top-section elementor-element elementor-element-348f976 elementor-section-full_width elementor-section-height-default elementor-section-height-default\" data-id=\"348f976\" data-element_type=\"section\">\n\t\t\t\t\t\t<div class=\"elementor-container elementor-column-gap-default\">\n\t\t\t\t\t<div class=\"elementor-column elementor-col-50 elementor-top-column elementor-element elementor-element-c21bd09\" data-id=\"c21bd09\" data-element_type=\"column\">\n\t\t\t<div class=\"elementor-widget-wrap elementor-element-populated\">\n\t\t\t\t\t\t<div class=\"elementor-element elementor-element-df2a6e5 elementor-hidden-desktop elementor-hidden-tablet elementor-hidden-mobile elementor-widget elementor-widget-image\" data-id=\"df2a6e5\" data-element_type=\"widget\" data-widget_type=\"image.default\">\n\t\t\t\t<div class=\"elementor-widget-container\">\n\t\t\t\t\t\t\t\t\t\t\t\t\t\t\t<img decoding=\"async\" src=\"https:\/\/caficon.com\/wp-content\/uploads\/elementor\/thumbs\/da255185-8ca0-4496-8322-50429dfe0c88-2-pifqpp9mdmop3tmagtwhgd0oqkrmd05362oc3ev980.jpg\" title=\"caficon\" alt=\"caficon\" loading=\"lazy\" \/>\t\t\t\t\t\t\t\t\t\t\t\t\t\t\t<\/div>\n\t\t\t\t<\/div>\n\t\t\t\t<div class=\"elementor-element elementor-element-c8ddaba elementor-widget elementor-widget-html\" data-id=\"c8ddaba\" data-element_type=\"widget\" data-widget_type=\"html.default\">\n\t\t\t\t<div class=\"elementor-widget-container\">\n\t\t\t\t\t<h4 style=\"text-align: center;\"><span style=\"color: #ff6600;\">Mtro. Mario Orlando Beltran Lopez<\/span><\/h4>\t\t\t\t<\/div>\n\t\t\t\t<\/div>\n\t\t\t\t\t<\/div>\n\t\t<\/div>\n\t\t\t\t<div class=\"elementor-column elementor-col-50 elementor-top-column elementor-element elementor-element-152f7e0\" data-id=\"152f7e0\" data-element_type=\"column\">\n\t\t\t<div class=\"elementor-widget-wrap elementor-element-populated\">\n\t\t\t\t\t\t<div class=\"elementor-element elementor-element-204aebf elementor-widget elementor-widget-spacer\" data-id=\"204aebf\" data-element_type=\"widget\" data-widget_type=\"spacer.default\">\n\t\t\t\t<div class=\"elementor-widget-container\">\n\t\t\t\t\t\t\t<div class=\"elementor-spacer\">\n\t\t\t<div class=\"elementor-spacer-inner\"><\/div>\n\t\t<\/div>\n\t\t\t\t\t\t<\/div>\n\t\t\t\t<\/div>\n\t\t\t\t<div class=\"elementor-element elementor-element-e4a6e3a elementor-widget elementor-widget-heading\" data-id=\"e4a6e3a\" data-element_type=\"widget\" data-widget_type=\"heading.default\">\n\t\t\t\t<div class=\"elementor-widget-container\">\n\t\t\t\t\t<h2 class=\"elementor-heading-title elementor-size-default\">CV:<\/h2>\t\t\t\t<\/div>\n\t\t\t\t<\/div>\n\t\t\t\t<div class=\"elementor-element elementor-element-2f36cfd elementor-hidden-desktop elementor-hidden-tablet elementor-hidden-mobile elementor-widget elementor-widget-text-editor\" data-id=\"2f36cfd\" data-element_type=\"widget\" data-widget_type=\"text-editor.default\">\n\t\t\t\t<div class=\"elementor-widget-container\">\n\t\t\t\t\t\t\t\t\t<p><span style=\"color: #000000;\">MAESTR\u00cdA EN DERECHO FISCAL: <\/span><br \/><span style=\"color: #000000;\">\uf0b7 An\u00e1lisis de las Contribuciones Federales, Estatales y Municipales, UTEGRA, CEO <\/span><br \/><span style=\"color: #000000;\">Guadalajara.<\/span><br \/><span style=\"color: #000000;\">\uf0b7 Los Desaf\u00edos del Derecho Mexicano Frente a la Globalizaci\u00f3n, UTEGRA, <\/span><br \/><span style=\"color: #000000;\">Guadalajara, <\/span><br \/><span style=\"color: #000000;\">MAESTR\u00cdA EN FISCAL:<\/span><br \/><span style=\"color: #000000;\">\uf0b7 Seminario de Planeaci\u00f3n Fiscal, CEO Guadalajara, Hermosillo, Guaymas<\/span><br \/><span style=\"color: #000000;\">\uf0b7 Normas de Informaci\u00f3n Financiera Ceo Hermosillo, Guaymas<\/span><br \/><span style=\"color: #000000;\">\uf0b7 Derecho Fiscal y Financiero, Universidad Vizcaya de las Americas \u2013 Tepic y <\/span><br \/><span style=\"color: #000000;\">Manzanillo, Col.<\/span><br \/><span style=\"color: #000000;\">\uf0b7 Contribuciones Estatales y Municipales, CEO Guadalajara<\/span><br \/><span style=\"color: #000000;\">\uf0b7 Seminario de Investigaci\u00f3n, UNIVA Colima. <\/span><br \/><span style=\"color: #000000;\">MAESTR\u00cdA EN DERECHO CORPORATIVO:<\/span><br \/><span style=\"color: #000000;\">\uf0b7 Derecho Fiscal, Ceo CD Guzman Jalisco<\/span><br \/><span style=\"color: #000000;\">\uf0b7 Derecho Financiero UNIVA Guadalajara.<\/span><br \/><span style=\"color: #000000;\">\uf0b7 Proyectos de investigaci\u00f3n, Universidad Enrique D\u00edaz de Le\u00f3n -Guadalajara<\/span><br \/><span style=\"color: #000000;\">\uf0b7 Seminario de Investigaci\u00f3n, UTEGRA<\/span><br \/><span style=\"color: #000000;\">\uf0b7 Metodolog\u00eda de la Investigaci\u00f3n, UNIVA Guadalajara<\/span><br \/><span style=\"color: #000000;\">\uf0b7 Legislaci\u00f3n Empresarial. Universidad Vizcaya de las Am\u00e9ricas Tepic<\/span><br \/><span style=\"color: #000000;\">MAESTR\u00cdA EN ADMINISTRACI\u00d3N:<\/span><br \/><span style=\"color: #000000;\">\uf0b7 Proyectos de Inversi\u00f3n, Universidad Enrique D\u00edaz de Le\u00f3n Guadalajara<\/span><br \/><span style=\"color: #000000;\">\uf0b7 Proyectos de Inversi\u00f3n. Universidad Cuauhtemoc Guadalajara<\/span><br \/><span style=\"color: #000000;\">\uf0b7 Planeaci\u00f3n estrat\u00e9gica, Universidad Vizcaya de las Americas Campus Tepic y <\/span><br \/><span style=\"color: #000000;\">Manzanillo<\/span><br \/><span style=\"color: #000000;\">MAESTR\u00cdA EN ADMINISTRACI\u00d3N FINANCIERA:<\/span><br \/><span style=\"color: #000000;\">\uf0b7 Matem\u00e1ticas Financieras, UTEGRA<\/span><br \/><span style=\"color: #000000;\">\uf0b7 Planeaci\u00f3n estrat\u00e9gica, UNIVA, Guadalajara.<\/span><br \/><span style=\"color: #000000;\">\uf0b7 Investigaci\u00f3n de Operaciones UTEGRA Guadalajara, Morelia<\/span><br \/><span style=\"color: #000000;\">MAESTR\u00cdA EN VALUACI\u00d3N:<\/span><br \/><span style=\"color: #000000;\">\uf0b7 Joint Venture Centro de Valores Guadalajara.<\/span><br \/><span style=\"color: #000000;\">\uf0b7 Emisi\u00f3n de Deuda y Capital, Centro de Valores Guadalajara.<\/span><br \/><span style=\"color: #000000;\">\uf0b7 Metodolog\u00eda de la Investigaci\u00f3n, Centro de Valores Guadalajara.<\/span><br \/><span style=\"color: #000000;\">MAESTR\u00cdA EN IMPUESTOS:<\/span><br \/><span style=\"color: #000000;\">\uf0b7 Planeaci\u00f3n Fiscal, Universidad Vizcaya de las Americas &#8211; Manzanillo<\/span><br \/><span style=\"color: #000000;\">\uf0b7 T\u00edtulos y Operaciones de Cr\u00e9dito, CEO, Guadalajara, Cd. Guzm\u00e1n, Cd. Obreg\u00f3n, <\/span><br \/><span style=\"color: #000000;\">Hermosillo, Morelia, Tepatitl\u00e1n, Toluca y Manzanillo.<\/span><br \/><span style=\"color: #000000;\">\uf0b7 Metodolog\u00eda de la Investigaci\u00f3n, CEO, Guadalajara, Cd. Guzm\u00e1n, Cd. Obreg\u00f3n, <\/span><br \/><span style=\"color: #000000;\">Hermosillo, Morelia, Tepatitl\u00e1n, Toluca y Manzanillo.<\/span><br \/><span style=\"color: #000000;\">\uf0b7 Seminario de Tesis, CEO, Guadalajara, Cd. Guzm\u00e1n, Cd. Obreg\u00f3n, Hermosillo, <\/span><br \/><span style=\"color: #000000;\">Morelia, Tepatitl\u00e1n, Toluca y Manzanillo.<\/span><br \/><span style=\"color: #000000;\">\uf0b7 Finanzas P\u00fablicas y Corporativas, CEO, Guadalajara, Cd. Guzm\u00e1n, Cd. Obreg\u00f3n, <\/span><br \/><span style=\"color: #000000;\">Hermosillo, Morelia, Tepatitl\u00e1n, Toluca y Manzanillo.<\/span><\/p>\t\t\t\t\t\t\t\t<\/div>\n\t\t\t\t<\/div>\n\t\t\t\t<div class=\"elementor-element elementor-element-85bff49 elementor-widget elementor-widget-spacer\" data-id=\"85bff49\" data-element_type=\"widget\" data-widget_type=\"spacer.default\">\n\t\t\t\t<div class=\"elementor-widget-container\">\n\t\t\t\t\t\t\t<div class=\"elementor-spacer\">\n\t\t\t<div class=\"elementor-spacer-inner\"><\/div>\n\t\t<\/div>\n\t\t\t\t\t\t<\/div>\n\t\t\t\t<\/div>\n\t\t\t\t\t<\/div>\n\t\t<\/div>\n\t\t\t\t\t<\/div>\n\t\t<\/section>\n\t\t\t\t<\/div>\n\t\t","protected":false},"excerpt":{"rendered":"<p>Que encontraras en el Temario Objetivo Analizar y comentar los aspectos integrales relacionados la PTU y la reforma laboral del a\u00f1o 2021 y su efecto y trascendencia en materia laboral, fiscal y de seguridad social. Dirigido Contadores, auxiliares contables, administradores, encargados de recursos humanos de empresas, empresarios y p\u00fablico en general interesado en el tema. [&hellip;]<\/p>\n","protected":false},"author":1,"featured_media":0,"parent":0,"menu_order":0,"comment_status":"closed","ping_status":"closed","template":"","meta":{"footnotes":""},"class_list":["post-22867","page","type-page","status-publish","hentry"],"_links":{"self":[{"href":"https:\/\/caficon.com\/index.php\/wp-json\/wp\/v2\/pages\/22867","targetHints":{"allow":["GET"]}}],"collection":[{"href":"https:\/\/caficon.com\/index.php\/wp-json\/wp\/v2\/pages"}],"about":[{"href":"https:\/\/caficon.com\/index.php\/wp-json\/wp\/v2\/types\/page"}],"author":[{"embeddable":true,"href":"https:\/\/caficon.com\/index.php\/wp-json\/wp\/v2\/users\/1"}],"replies":[{"embeddable":true,"href":"https:\/\/caficon.com\/index.php\/wp-json\/wp\/v2\/comments?post=22867"}],"version-history":[{"count":16,"href":"https:\/\/caficon.com\/index.php\/wp-json\/wp\/v2\/pages\/22867\/revisions"}],"predecessor-version":[{"id":22883,"href":"https:\/\/caficon.com\/index.php\/wp-json\/wp\/v2\/pages\/22867\/revisions\/22883"}],"wp:attachment":[{"href":"https:\/\/caficon.com\/index.php\/wp-json\/wp\/v2\/media?parent=22867"}],"curies":[{"name":"wp","href":"https:\/\/api.w.org\/{rel}","templated":true}]}}