{"id":21720,"date":"2022-03-08T21:26:53","date_gmt":"2022-03-08T21:26:53","guid":{"rendered":"https:\/\/caficon.com\/?page_id=21720"},"modified":"2022-03-08T22:13:11","modified_gmt":"2022-03-08T22:13:11","slug":"calendario-personas-fisicas","status":"publish","type":"page","link":"https:\/\/caficon.com\/index.php\/calendario-personas-fisicas\/","title":{"rendered":"Calendario Personas Fisicas"},"content":{"rendered":"\t\t<div data-elementor-type=\"wp-page\" data-elementor-id=\"21720\" class=\"elementor elementor-21720\" data-elementor-post-type=\"page\">\n\t\t\t\t\t\t<section class=\"elementor-section elementor-top-section elementor-element elementor-element-d59f245 elementor-section-boxed elementor-section-height-default elementor-section-height-default\" data-id=\"d59f245\" data-element_type=\"section\">\n\t\t\t\t\t\t<div class=\"elementor-container elementor-column-gap-default\">\n\t\t\t\t\t<div class=\"elementor-column elementor-col-100 elementor-top-column elementor-element elementor-element-01808fc\" data-id=\"01808fc\" data-element_type=\"column\">\n\t\t\t<div class=\"elementor-widget-wrap\">\n\t\t\t\t\t\t\t<\/div>\n\t\t<\/div>\n\t\t\t\t\t<\/div>\n\t\t<\/section>\n\t\t\t\t<section class=\"elementor-section elementor-top-section elementor-element elementor-element-9b35c39 elementor-section-full_width elementor-section-height-default elementor-section-height-default\" data-id=\"9b35c39\" data-element_type=\"section\">\n\t\t\t\t\t\t<div class=\"elementor-container elementor-column-gap-default\">\n\t\t\t\t\t<div class=\"elementor-column elementor-col-25 elementor-top-column elementor-element elementor-element-44d456f\" data-id=\"44d456f\" data-element_type=\"column\">\n\t\t\t<div class=\"elementor-widget-wrap elementor-element-populated\">\n\t\t\t\t\t\t\t<\/div>\n\t\t<\/div>\n\t\t\t\t<div class=\"elementor-column elementor-col-25 elementor-top-column elementor-element elementor-element-00aa6a7\" data-id=\"00aa6a7\" data-element_type=\"column\">\n\t\t\t<div class=\"elementor-widget-wrap elementor-element-populated\">\n\t\t\t\t\t\t<div class=\"elementor-element elementor-element-7c3a220 elementor-widget elementor-widget-text-editor\" data-id=\"7c3a220\" data-element_type=\"widget\" data-widget_type=\"text-editor.default\">\n\t\t\t\t<div class=\"elementor-widget-container\">\n\t\t\t\t\t\t\t\t\t<p><span style=\"color: #ff6600;\"><strong>Objetivo<\/strong><\/span><\/p><p>Preparar los papeles de trabajo e identificar los elementos necesarios para preparar la Declaraci\u00f3n Anual de Personas F\u00edsicas para el Ejercicio Fiscal 2021.<\/p><p><span style=\"color: #ff6600;\"><strong>Dirigido<\/strong><\/span><\/p><p>Contadores, auxiliares, licenciados en contadur\u00eda, estudiantes, pasantes de las licenciaturas econ\u00f3mico-administrativas, empresarios, profesionistas y p\u00fablico en general.<\/p><ol><li>Deducciones Personales y Est\u00edmulos fiscales para las personas f\u00edsicas.<ol><li>Deducciones personales y sus particularidades<\/li><li>L\u00edmite de las deducciones personales<\/li><li>Est\u00edmulos fiscales otorgados a las PF en la declaraci\u00f3n anual<\/li><li>Consideraciones espec\u00edficas a atender en la declaraci\u00f3n anual de PF 2021<\/li><\/ol><\/li><li>Deducciones aplicables \u00fanicamente en la declaraci\u00f3n anual<\/li><li>Aplicativo Electr\u00f3nico en L\u00ednea de la Declaraci\u00f3n Anual 2021<ol><li>Nuevas caracter\u00edsticas<\/li><li>Revisi\u00f3n y almacenamiento de informaci\u00f3n<\/li><li>Uso de contrase\u00f1a o firma electr\u00f3nica avanzada<\/li><li>Fecha l\u00edmite de presentaci\u00f3n y complementarias.<\/li><li>Prellenado de la declaraci\u00f3n anual y CFDI de n\u00f3mina<\/li><li>Correcci\u00f3n a trav\u00e9s de complementarias<\/li><\/ol><\/li><li>Infracciones y multas derivadas del incumplimiento<\/li><li>Casos pr\u00e1cticos en MS Excel<\/li><\/ol>\t\t\t\t\t\t\t\t<\/div>\n\t\t\t\t<\/div>\n\t\t\t\t\t<\/div>\n\t\t<\/div>\n\t\t\t\t<div class=\"elementor-column elementor-col-25 elementor-top-column elementor-element elementor-element-fdf7ed0\" data-id=\"fdf7ed0\" data-element_type=\"column\">\n\t\t\t<div class=\"elementor-widget-wrap elementor-element-populated\">\n\t\t\t\t\t\t<div class=\"elementor-element elementor-element-d5eefea elementor-widget elementor-widget-text-editor\" data-id=\"d5eefea\" data-element_type=\"widget\" data-widget_type=\"text-editor.default\">\n\t\t\t\t<div class=\"elementor-widget-container\">\n\t\t\t\t\t\t\t\t\t<h5><strong><span style=\"color: #ff6600;\">Temario:<\/span><\/strong><\/h5><ol><li>Disposiciones fiscales aplicables<\/li><li>Resoluci\u00f3n Miscel\u00e1nea Fiscal 2022<ol><li>Reglas aplicables al formato electr\u00f3nico<\/li><li>Uso de firma electr\u00f3nica avanzada y contrase\u00f1a<\/li><li>Facilidades de pago para los contribuyentes<\/li><\/ol><\/li><li>An\u00e1lisis de casos por ingresos por salarios y conceptos asimilados<ol><li>Ingresos por dos patrones<\/li><li>Ingresos por salarios y pagos por separaci\u00f3n<\/li><li>Ingresos por salarios pagos por jubilaci\u00f3n o pensi\u00f3n<\/li><li>Informaci\u00f3n contable y fiscal requerida<\/li><\/ol><\/li><li>An\u00e1lisis de casos por ingresos por actividad empresarial y\/o profesional<ol><li>Ingresos por actividades empresariales y profesionales<\/li><li>Ingresos por actividades profesionales<\/li><li>Ingresos por actividad empresarial en copropiedad<\/li><li>Informaci\u00f3n contable y fiscal requerida<\/li><\/ol><\/li><li>An\u00e1lisis de casos por ingresos por arrendamiento<ol><li>Ingresos por arrendamiento en copropiedad<\/li><li>Ingresos por arrendamiento y otras actividades<\/li><li>Informaci\u00f3n contable y fiscal requerida<\/li><\/ol><\/li><li>Ingresos por enajenaci\u00f3n de bienes muebles e inmuebles<ol><li>Tipos de ingresos m\u00e1s comunes<\/li><li>Deducciones autorizadas<\/li><li>Informaci\u00f3n contable y fiscal requerida<\/li><\/ol><\/li><li>Ingresos por obtenci\u00f3n de dividendos<ol><li>Consideraciones particulares<\/li><li>Determinaci\u00f3n de los ingresos acumulables<\/li><li>Informaci\u00f3n contable y fiscal requerida<\/li><\/ol><\/li><li>Ingresos por intereses y otros ingresos obtenidos por las personas f\u00edsicas en el ejercicio 2021 a declarar<ol><li>Ingresos que se informan<\/li><li>Ingresos que se declaran<\/li><\/ol><\/li><\/ol>\t\t\t\t\t\t\t\t<\/div>\n\t\t\t\t<\/div>\n\t\t\t\t\t<\/div>\n\t\t<\/div>\n\t\t\t\t<div class=\"elementor-column elementor-col-25 elementor-top-column elementor-element elementor-element-4f7dd6c\" data-id=\"4f7dd6c\" data-element_type=\"column\">\n\t\t\t<div class=\"elementor-widget-wrap\">\n\t\t\t\t\t\t\t<\/div>\n\t\t<\/div>\n\t\t\t\t\t<\/div>\n\t\t<\/section>\n\t\t\t\t<section class=\"elementor-section elementor-top-section elementor-element elementor-element-9d26719 elementor-section-full_width elementor-section-height-default elementor-section-height-default\" data-id=\"9d26719\" data-element_type=\"section\">\n\t\t\t\t\t\t<div class=\"elementor-container elementor-column-gap-default\">\n\t\t\t\t\t<div class=\"elementor-column elementor-col-100 elementor-top-column elementor-element elementor-element-4aa3f56\" data-id=\"4aa3f56\" data-element_type=\"column\">\n\t\t\t<div class=\"elementor-widget-wrap elementor-element-populated\">\n\t\t\t\t\t\t<div class=\"elementor-element elementor-element-e581466 elementor-widget elementor-widget-spacer\" data-id=\"e581466\" data-element_type=\"widget\" data-widget_type=\"spacer.default\">\n\t\t\t\t<div class=\"elementor-widget-container\">\n\t\t\t\t\t\t\t<div class=\"elementor-spacer\">\n\t\t\t<div class=\"elementor-spacer-inner\"><\/div>\n\t\t<\/div>\n\t\t\t\t\t\t<\/div>\n\t\t\t\t<\/div>\n\t\t\t\t<div class=\"elementor-element elementor-element-262f731 elementor-widget elementor-widget-heading\" data-id=\"262f731\" data-element_type=\"widget\" data-widget_type=\"heading.default\">\n\t\t\t\t<div class=\"elementor-widget-container\">\n\t\t\t\t\t<h2 class=\"elementor-heading-title elementor-size-default\">\u00bfQuien Impartir\u00e1 este Curso?<\/h2>\t\t\t\t<\/div>\n\t\t\t\t<\/div>\n\t\t\t\t\t<\/div>\n\t\t<\/div>\n\t\t\t\t\t<\/div>\n\t\t<\/section>\n\t\t\t\t<section class=\"elementor-section elementor-top-section elementor-element elementor-element-9849e96 elementor-section-full_width elementor-section-height-default elementor-section-height-default\" data-id=\"9849e96\" data-element_type=\"section\">\n\t\t\t\t\t\t<div class=\"elementor-container elementor-column-gap-default\">\n\t\t\t\t\t<div class=\"elementor-column elementor-col-50 elementor-top-column elementor-element elementor-element-6bddd4e\" data-id=\"6bddd4e\" data-element_type=\"column\">\n\t\t\t<div class=\"elementor-widget-wrap elementor-element-populated\">\n\t\t\t\t\t\t<div class=\"elementor-element elementor-element-356eef8 elementor-widget elementor-widget-image\" data-id=\"356eef8\" data-element_type=\"widget\" data-widget_type=\"image.default\">\n\t\t\t\t<div class=\"elementor-widget-container\">\n\t\t\t\t\t\t\t\t\t\t\t\t\t\t\t<img decoding=\"async\" width=\"188\" height=\"249\" src=\"https:\/\/caficon.com\/wp-content\/uploads\/2022\/03\/WhatsApp-Image-2022-03-08-at-1.11.25-PM.jpeg\" class=\"attachment-1536x1536 size-1536x1536 wp-image-21742\" alt=\"\" \/>\t\t\t\t\t\t\t\t\t\t\t\t\t\t\t<\/div>\n\t\t\t\t<\/div>\n\t\t\t\t<div class=\"elementor-element elementor-element-3c88d6c elementor-widget elementor-widget-html\" data-id=\"3c88d6c\" data-element_type=\"widget\" data-widget_type=\"html.default\">\n\t\t\t\t<div class=\"elementor-widget-container\">\n\t\t\t\t\t<h4 style=\"text-align: center;\"><span style=\"color: #ff6600;\">L.C. y L.I. RUB\u00c9N TORRES BENITEZ<\/span><\/h4>\t\t\t\t<\/div>\n\t\t\t\t<\/div>\n\t\t\t\t\t<\/div>\n\t\t<\/div>\n\t\t\t\t<div class=\"elementor-column elementor-col-50 elementor-top-column elementor-element elementor-element-9f48632\" data-id=\"9f48632\" data-element_type=\"column\">\n\t\t\t<div class=\"elementor-widget-wrap elementor-element-populated\">\n\t\t\t\t\t\t<div class=\"elementor-element elementor-element-631e7f8 elementor-widget elementor-widget-spacer\" data-id=\"631e7f8\" data-element_type=\"widget\" data-widget_type=\"spacer.default\">\n\t\t\t\t<div class=\"elementor-widget-container\">\n\t\t\t\t\t\t\t<div class=\"elementor-spacer\">\n\t\t\t<div class=\"elementor-spacer-inner\"><\/div>\n\t\t<\/div>\n\t\t\t\t\t\t<\/div>\n\t\t\t\t<\/div>\n\t\t\t\t<div class=\"elementor-element elementor-element-32c70f9 elementor-widget elementor-widget-heading\" data-id=\"32c70f9\" data-element_type=\"widget\" data-widget_type=\"heading.default\">\n\t\t\t\t<div class=\"elementor-widget-container\">\n\t\t\t\t\t<h2 class=\"elementor-heading-title elementor-size-default\">CV:<\/h2>\t\t\t\t<\/div>\n\t\t\t\t<\/div>\n\t\t\t\t<div class=\"elementor-element elementor-element-1081b08 elementor-widget elementor-widget-text-editor\" data-id=\"1081b08\" data-element_type=\"widget\" data-widget_type=\"text-editor.default\">\n\t\t\t\t<div class=\"elementor-widget-container\">\n\t\t\t\t\t\t\t\t\t<p>Lic. En Contadur\u00eda<\/p><p>FCA \u2013 UNAM<\/p><p>LIc. En Inform\u00e1tica<\/p><p>FCA \u2013 UNAM<\/p><p>DESEMPE\u00d1O PROFESIONAL<\/p><p>Despacho Ra\u00fal Am\u00e9zquita y Asoc. S.C. Contadores P\u00fablicos Consultores en Impuestos Septiembre de 1993 a MARZO 2015<\/p><p>en el \u00c1rea de Inform\u00e1tica Fiscal y Automatizaci\u00f3n de procesos<\/p><p>DOCENCIA, EXPOSITOR Y CAPACITADOR PRIVADO ACTIVIDAD DOCENTE<\/p><p>REVISTA DEFENSA FISCAL 2021<\/p><p>Incluido como uno de los fiscalistas m\u00e1s importantes de M\u00e9xico Edici\u00f3n Especial enero 2021<\/p><p>UNIVERSIDAD NACIONAL AUTONOMA DE MEXICO<\/p><p>A\u00f1o 2005 a la fecha<\/p><p>\uf0a7\u00a0\u00a0\u00a0\u00a0\u00a0\u00a0\u00a0 Profesor de Licenciatura en Las Coordinaciones de FISCAL, INFORMATICA y RECURSOS HUMANOS EN LAS SIGUIENTES ASIGNATURAS<\/p><p>\uf0a7\u00a0\u00a0\u00a0\u00a0\u00a0\u00a0\u00a0 Inform\u00e1tica fiscal, R\u00e9gimen simplificado, Taller de nomina, Seguridad Social, derecho fiscal, R\u00e9gimen General de Empresas II, ISR e IETU, Formaci\u00f3n e Informaci\u00f3n\u00a0 Tributaria,\u00a0 Tecnolog\u00edas\u00a0 de\u00a0 Informaci\u00f3n\u00a0 y\u00a0 Comunicaci\u00f3n\u00a0 I\u00a0 y\u00a0 II, Inform\u00e1tica I e Inform\u00e1tica II, Taller de Nominas<\/p><p>SINODAL DE EXAMENES PROFESIONALES A NIVEL LICENCIATURA DESDE EL A\u00d1O 2013 A LA FECHA<\/p><p>ESCUELA COMERCIAL CAMARA DE COMERCIO<\/p><p>Noviembre 2001 a Junio 2005<\/p><p>Profesor de Licenciatura en las siguientes asignaturas:<\/p><p>Contabilidad\u00a0\u00a0\u00a0 de\u00a0\u00a0\u00a0 Contribuciones\u00a0\u00a0\u00a0 I\u00a0\u00a0\u00a0 y\u00a0\u00a0\u00a0 II,\u00a0\u00a0\u00a0 Talleres\u00a0\u00a0\u00a0 de\u00a0\u00a0\u00a0 pr\u00e1cticas\u00a0\u00a0\u00a0 en\u00a0\u00a0\u00a0 materia Inform\u00e1tica Administrativa para Contadores, Administradores y Abogados)<\/p>\t\t\t\t\t\t\t\t<\/div>\n\t\t\t\t<\/div>\n\t\t\t\t<div class=\"elementor-element elementor-element-9493d36 elementor-widget elementor-widget-spacer\" data-id=\"9493d36\" data-element_type=\"widget\" data-widget_type=\"spacer.default\">\n\t\t\t\t<div class=\"elementor-widget-container\">\n\t\t\t\t\t\t\t<div class=\"elementor-spacer\">\n\t\t\t<div class=\"elementor-spacer-inner\"><\/div>\n\t\t<\/div>\n\t\t\t\t\t\t<\/div>\n\t\t\t\t<\/div>\n\t\t\t\t\t<\/div>\n\t\t<\/div>\n\t\t\t\t\t<\/div>\n\t\t<\/section>\n\t\t\t\t<\/div>\n\t\t","protected":false},"excerpt":{"rendered":"<p>Objetivo Preparar los papeles de trabajo e identificar los elementos necesarios para preparar la Declaraci\u00f3n Anual de Personas F\u00edsicas para el Ejercicio Fiscal 2021. Dirigido Contadores, auxiliares, licenciados en contadur\u00eda, estudiantes, pasantes de las licenciaturas econ\u00f3mico-administrativas, empresarios, profesionistas y p\u00fablico en general. Deducciones Personales y Est\u00edmulos fiscales para las personas f\u00edsicas. Deducciones personales y sus [&hellip;]<\/p>\n","protected":false},"author":1,"featured_media":0,"parent":0,"menu_order":0,"comment_status":"closed","ping_status":"closed","template":"","meta":{"footnotes":""},"class_list":["post-21720","page","type-page","status-publish","hentry"],"_links":{"self":[{"href":"https:\/\/caficon.com\/index.php\/wp-json\/wp\/v2\/pages\/21720","targetHints":{"allow":["GET"]}}],"collection":[{"href":"https:\/\/caficon.com\/index.php\/wp-json\/wp\/v2\/pages"}],"about":[{"href":"https:\/\/caficon.com\/index.php\/wp-json\/wp\/v2\/types\/page"}],"author":[{"embeddable":true,"href":"https:\/\/caficon.com\/index.php\/wp-json\/wp\/v2\/users\/1"}],"replies":[{"embeddable":true,"href":"https:\/\/caficon.com\/index.php\/wp-json\/wp\/v2\/comments?post=21720"}],"version-history":[{"count":45,"href":"https:\/\/caficon.com\/index.php\/wp-json\/wp\/v2\/pages\/21720\/revisions"}],"predecessor-version":[{"id":21771,"href":"https:\/\/caficon.com\/index.php\/wp-json\/wp\/v2\/pages\/21720\/revisions\/21771"}],"wp:attachment":[{"href":"https:\/\/caficon.com\/index.php\/wp-json\/wp\/v2\/media?parent=21720"}],"curies":[{"name":"wp","href":"https:\/\/api.w.org\/{rel}","templated":true}]}}